{"id":450,"date":"2021-11-27T21:03:24","date_gmt":"2021-11-27T20:03:24","guid":{"rendered":"https:\/\/beda-telemarketing.de\/v2\/?page_id=450"},"modified":"2021-12-27T11:29:01","modified_gmt":"2021-12-27T10:29:01","slug":"datenschutz","status":"publish","type":"page","link":"https:\/\/beda-telemarketing.de\/?page_id=450","title":{"rendered":"Datenschutz"},"content":{"rendered":"<div data-colibri-id=\"450-c1\" class=\"style-333 style-local-450-c1 position-relative\">\n  <!---->\n  <div data-colibri-component=\"section\" data-colibri-id=\"450-c2\" id=\"custom\" class=\"h-section h-section-global-spacing d-flex align-items-lg-center align-items-md-center align-items-center style-334 style-local-450-c2 position-relative\">\n    <!---->\n    <!---->\n    <div class=\"h-section-grid-container h-section-boxed-container\">\n      <!---->\n      <div data-colibri-id=\"450-c3\" class=\"h-row-container gutters-row-lg-2 gutters-row-md-2 gutters-row-0 gutters-row-v-lg-2 gutters-row-v-md-2 gutters-row-v-2 style-335 style-local-450-c3 position-relative\">\n        <!---->\n        <div class=\"h-row justify-content-lg-center justify-content-md-center justify-content-center align-items-lg-stretch align-items-md-stretch align-items-stretch gutters-col-lg-2 gutters-col-md-2 gutters-col-0 gutters-col-v-lg-2 gutters-col-v-md-2 gutters-col-v-2\">\n          <!---->\n          <div class=\"h-column h-column-container d-flex h-col-lg-auto h-col-md-auto h-col-auto style-336-outer style-local-450-c4-outer\">\n            <div data-colibri-id=\"450-c4\" class=\"d-flex h-flex-basis h-column__inner h-px-lg-2 h-px-md-2 h-px-2 v-inner-lg-2 v-inner-md-2 v-inner-2 style-336 style-local-450-c4 position-relative\">\n              <!---->\n              <!---->\n              <div class=\"w-100 h-y-container h-column__content h-column__v-align flex-basis-100 align-self-lg-start align-self-md-start align-self-start\">\n                <!---->\n                <div data-colibri-id=\"450-c5\" class=\"h-text h-text-component style-337 style-local-450-c5 position-relative h-element\">\n                  <!---->\n                  <!---->\n                  <div class=\"\">\n                    <p><strong style=\"font-size: 24pt;\">Datenschutzerkl<\/strong><strong style=\"font-size: 24pt; font-family: Calibri, sans-serif;\">\u00e4<\/strong><strong style=\"font-size: 24pt;\">rung<\/strong><\/p>\n                    <p>Wir freuen uns, dass Sie unsere Website besuchen. Der Schutz und die Sicherheit Ihrer pers<span style=\"font-family: Calibri, sans-serif;\">\u00f6<\/span>nlichen Informationen bei der Nutzung unserer Website ist f<span style=\"font-family: Calibri, sans-serif;\">\u00fc<\/span>r\n                      uns sehr wichtig. Wir m<span style=\"font-family: Calibri, sans-serif;\">\u00f6<\/span>chten Sie daher an dieser Stelle dar<span style=\"font-family: Calibri, sans-serif;\">\u00fc<\/span>ber informieren, welche Ihrer personenbezogenen Daten wir\n                      beim Besuch unserer Website erfassen und f<span style=\"font-family: Calibri, sans-serif;\">\u00fc<\/span>r welche Zwecke diese verwendet werden.<\/p>\n                    <p>Diese Datenschutzerkl<span style=\"font-family: Calibri, sans-serif;\">\u00e4<\/span>rung gilt f<span style=\"font-family: Calibri, sans-serif;\">\u00fc<\/span>r das Internetangebot der beda Telemarketing GmbH, welches unter der Domain beda-telemarketing.de\n                      sowie den verschiedenen Subdomains erreichbar ist.<\/p>\n                    <p><strong style=\"font-size: 18pt;\">1.&nbsp;Wer ist Verantwortlicher?<\/strong><\/p>\n                    <p><strong style=\"font-size: 14pt;\">Verantwortlicher<\/strong><\/p>\n                    <p>f<span style=\"font-family: Calibri, sans-serif;\">\u00fc<\/span>r die Verarbeitung personenbezogener Daten im Sinne der EU-Datenschutz-Grundverordnung (DSGVO) ist die<\/p>\n                    <p>beda Telemarketing GmbH Ratzeburger Allee 111-125 23562 L<span style=\"font-family: Calibri, sans-serif;\">\u00fc<\/span>beck Telefon: + 49 (0) 451 <span style=\"font-family: Calibri, sans-serif;\">\u2013<\/span> 409020 E-Mail: kontakt@beda-telemarketing.de\n                      Registergericht: AG L<span style=\"font-family: Calibri, sans-serif;\">\u00fc<\/span>beck Registernummer: HRB 11097\/HL Gesch<span style=\"font-family: Calibri, sans-serif;\">\u00e4<\/span>ftsf<span style=\"font-family: Calibri, sans-serif;\">\u00fc<\/span>hrer:\n                      Sascha Behrens, Marc Dannenberg<\/p>\n                    <p><strong style=\"font-size: 18pt;\">2.&nbsp;Allgemeines <\/strong><\/p>\n                    <p>Diese Datenschutzerkl<span style=\"font-family: Calibri, sans-serif;\">\u00e4<\/span>rung erf<span style=\"font-family: Calibri, sans-serif;\">\u00fc<\/span>llt die gesetzlichen Anforderungen an die Transparenz bei der Verarbeitung personenbezogener\n                      Daten. Dies sind alle Informationen, die sich auf eine identifizierte oder identifizierbare nat<span style=\"font-family: Calibri, sans-serif;\">\u00fc<\/span>rliche Person beziehen. Hierzu geh<span style=\"font-family: Calibri, sans-serif;\">\u00f6<\/span>ren\n                      beispielsweise Informationen wie Ihr Name, Ihr Alter, Ihre Anschrift, Ihre Telefonnummer, Ihr Geburtsdatum, Ihre E-Mail-Adresse, Ihre IP-Adresse oder das Nutzerverhalten beim Besuch einer Website. Informationen, bei denen wir keinen\n                      (oder nur mit einem unverh<span style=\"font-family: Calibri, sans-serif;\">\u00e4<\/span>ltnism<span style=\"font-family: Calibri, sans-serif;\">\u00e4\u00df<\/span>igen Aufwand) Bezug zu Ihrer Person herstellen k<span style=\"font-family: Calibri, sans-serif;\">\u00f6<\/span>nnen,\n                      z.B. durch Anonymisierung, sind keine personenbezogenen Daten. Die Verarbeitung von personenbezogenen Daten (bspw. das Erheben, das Abfragen, die Verwendung, die Speicherung oder die <span style=\"font-family: Calibri, sans-serif;\">\u00dc<\/span>bermittlung)\n                      bedarf immer einer gesetzlichen Grundlage und eines definierten Zwecks.<\/p>\n                    <p>Gespeicherte personenbezogene Daten werden gel<span style=\"font-family: Calibri, sans-serif;\">\u00f6<\/span>scht, sobald der Zweck der Verarbeitung erreicht wurde und es keine rechtm<span style=\"font-family: Calibri, sans-serif;\">\u00e4\u00df<\/span>igen\n                      Gr<span style=\"font-family: Calibri, sans-serif;\">\u00fc<\/span>nde f<span style=\"font-family: Calibri, sans-serif;\">\u00fc<\/span>r eine weitere Aufbewahrung der Daten gibt. Wir informieren Sie in den einzelnen Verarbeitungsvorg<span style=\"font-family: Calibri, sans-serif;\">\u00e4<\/span>ngen\n                      <span style=\"font-family: Calibri, sans-serif;\">\u00fc<\/span>ber die konkreten Speicherfristen bzw. Kriterien f<span style=\"font-family: Calibri, sans-serif;\">\u00fc<\/span>r die Speicherung. Unabh<span style=\"font-family: Calibri, sans-serif;\">\u00e4<\/span>ngig\n                      davon speichern wir Ihre personenbezogenen in Einzelf<span style=\"font-family: Calibri, sans-serif;\">\u00e4<\/span>llen zur Geltendmachung, Aus<span style=\"font-family: Calibri, sans-serif;\">\u00fc<\/span>bung oder Verteidigung von Rechtsanspr\n                      <span\n                        style=\"font-family: Calibri, sans-serif;\">\u00fc<\/span>chen und bei Vorliegen gesetzlicher Aufbewahrungspflichten.<\/p>\n                    <p><strong style=\"font-size: 18pt;\">3.&nbsp;Wer bekommt meine Daten?<\/strong><\/p>\n                    <p>Wir geben Ihre personenbezogenen Daten, die wir auf unserer Website verarbeiten nur dann an Dritte weiter, wenn dies f<span style=\"font-family: Calibri, sans-serif;\">\u00fc<\/span>r die Erf<span style=\"font-family: Calibri, sans-serif;\">\u00fc<\/span>llung\n                      der Zwecke erforderlich ist und im Einzelfall von der Rechtsgrundlage (z.B. Einwilligung oder Wahrung berechtigter Interessen) erfasst ist. Dar<span style=\"font-family: Calibri, sans-serif;\">\u00fc<\/span>ber hinaus geben wir im Einzelfall\n                      personenbezogene Daten an Dritte weiter, wenn dies der Geltendmachung, Aus<span style=\"font-family: Calibri, sans-serif;\">\u00fc<\/span>bung oder Verteidigung von Rechtsanspr<span style=\"font-family: Calibri, sans-serif;\">\u00fc<\/span>chen\n                      dient. M<span style=\"font-family: Calibri, sans-serif;\">\u00f6<\/span>gliche Empf<span style=\"font-family: Calibri, sans-serif;\">\u00e4<\/span>nger k<span style=\"font-family: Calibri, sans-serif;\">\u00f6<\/span>nnen dann z.B. Strafverfolgungsbeh\n                      <span\n                        style=\"font-family: Calibri, sans-serif;\">\u00f6<\/span>rden, Rechtsanw<span style=\"font-family: Calibri, sans-serif;\">\u00e4<\/span>lte, Wirtschaftspr<span style=\"font-family: Calibri, sans-serif;\">\u00fc<\/span>fer, Gerichte usw. sein.<\/p>\n                    <p>Soweit wir f<span style=\"font-family: Calibri, sans-serif;\">\u00fc<\/span>r den Betrieb unserer Website Dienstleister einsetzen, die im Rahmen einer Auftragsverarbeitung in unserem Auftrag personenbezogene Daten gem. Art. 28 DSGVO verarbeiten,\n                      k<span style=\"font-family: Calibri, sans-serif;\">\u00f6<\/span>nnen diese Empf<span style=\"font-family: Calibri, sans-serif;\">\u00e4<\/span>nger Ihrer personenbezogenen Daten sein. N<span style=\"font-family: Calibri, sans-serif;\">\u00e4<\/span>here\n                      Informationen zum Einsatz von Auftragsverarbeitern sowie von Webdiensten erhalten Sie in der <span style=\"font-family: Calibri, sans-serif;\">\u00dc<\/span>bersicht der einzelnen Verarbeitungsvorg<span style=\"font-family: Calibri, sans-serif;\">\u00e4<\/span>nge.<\/p>\n                    <p><strong style=\"font-size: 18pt;\">4.&nbsp;Cookies<\/strong><\/p>\n                    <p>Cookies sind kleine Textdateien, die im Rahmen Ihres Besuchs unserer Internetseiten von uns an den Browser Ihres Endger<span style=\"font-family: Calibri, sans-serif;\">\u00e4<\/span>ts gesendet und dort gespeichert werden. Alternativ zum\n                      Einsatz von Cookies k<span style=\"font-family: Calibri, sans-serif;\">\u00f6<\/span>nnen Informationen auch im lokalen Speicher (local storage) Ihres Browsers gespeichert werden. Einige Funktionen unserer Internetseite k<span style=\"font-family: Calibri, sans-serif;\">\u00f6<\/span>nnen\n                      ohne den Einsatz von Cookies bzw. local storage nicht angeboten werden (technisch notwendige Cookies). Andere Cookies erm<span style=\"font-family: Calibri, sans-serif;\">\u00f6<\/span>glichen uns hingegen verschiedene Analysen, sodass wir\n                      beispielsweise in der Lage sind, den von Ihnen verwendeten Browser bei einem erneuten Besuch unserer Webseite wiederzuerkennen und verschiedene Informationen an uns zu <span style=\"font-family: Calibri, sans-serif;\">\u00fc<\/span>bermitteln\n                      (nicht notwendige Cookies). Mithilfe von Cookies k<span style=\"font-family: Calibri, sans-serif;\">\u00f6<\/span>nnen wir unter anderem unser Internetangebot f<span style=\"font-family: Calibri, sans-serif;\">\u00fc<\/span>r Sie nutzerfreundlicher\n                      und effektiver gestalten, indem wir etwa Ihre Nutzung unserer Website nachvollziehen und Ihre bevorzugten Einstellungen (bspw. L<span style=\"font-family: Calibri, sans-serif;\">\u00e4<\/span>nder- und Spracheneinstellungen) feststellen.\n                      Sofern Dritte <span style=\"font-family: Calibri, sans-serif;\">\u00fc<\/span>ber Cookies Informationen verarbeiten, erheben diese die Informationen direkt <span style=\"font-family: Calibri, sans-serif;\">\u00fc<\/span>ber Ihren Browser. Cookies\n                      richten auf Ihrem Endger<span style=\"font-family: Calibri, sans-serif;\">\u00e4<\/span>t keinen Schaden an. Sie k<span style=\"font-family: Calibri, sans-serif;\">\u00f6<\/span>nnen keine Programme ausf<span style=\"font-family: Calibri, sans-serif;\">\u00fc<\/span>hren\n                      und keine Viren enthalten.<\/p>\n                    <p><span style=\"font-family: Calibri, sans-serif;\">\u00dc<\/span>ber die jeweiligen Dienste, f<span style=\"font-family: Calibri, sans-serif;\">\u00fc<\/span>r die wir Cookies einsetzen, informieren wir in den einzelnen Verarbeitungsvorg<span style=\"font-family: Calibri, sans-serif;\">\u00e4<\/span>ngen.\n                      Ausf<span style=\"font-family: Calibri, sans-serif;\">\u00fc<\/span>hrliche Informationen zu den eingesetzten Cookies finden Sie in den Cookie-Einstellungen oder im Cookie-Consent-Manager dieser Website. Um Ihre Einwilligung zur Speicherung\n                      bestimmter Cookies oder zum Einsatz bestimmter Technologien auf Ihrem Endger<span style=\"font-family: Calibri, sans-serif;\">\u00e4<\/span>t einzuholen und diese datenschutzkonform zu dokumentieren nutzen wir als Cookie-Consent-Tool den\n                      <span style=\"font-family: Calibri, sans-serif;\">\u201e<\/span>Real Cookie Banner<span style=\"font-family: Calibri, sans-serif;\">\u201c<\/span> der devowl.io GmbH (Tannet 12, 94539 Grafling, Website:\n                      <a href=\"https:\/\/devowl.io\/de\/wordpress-real-cookie-banner\"\n                        class=\"customize-unpreviewable\">https:\/\/devowl.io\/de\/wordpress-real-cookie-banner\/<\/a>)<\/p>\n                    <p>Folgende Daten werden dabei an Real Cookie Banner <span style=\"font-family: Calibri, sans-serif;\">\u00fc<\/span>bertragen: Ihre Einwilligung(en) bzw. der Widerruf Ihrer Einwilligung(en), IP-Adresse, Informationen <span style=\"font-family: Calibri, sans-serif;\">\u00fc<\/span>ber\n                      die Art des verwendeten Browsers, Informationen <span style=\"font-family: Calibri, sans-serif;\">\u00fc<\/span>ber Ihr Endger<span style=\"font-family: Calibri, sans-serif;\">\u00e4<\/span>t sowie der Zeitpunkt des Besuchs unserer Website. Daneben\n                      speichert Real Cookie Banner ein Cookie in Ihrem Browser, um die erteilten Einwilligungen bzw. deren Widerruf zuordnen zu k<span style=\"font-family: Calibri, sans-serif;\">\u00f6<\/span>nnen. Die so erfassten Daten werden gespeichert, bis\n                      Sie uns entweder zur L<span style=\"font-family: Calibri, sans-serif;\">\u00f6<\/span>schung auffordern, das Real Cookie Banner-Cookie selbst l<span style=\"font-family: Calibri, sans-serif;\">\u00f6<\/span>schen oder der Zweck f<span style=\"font-family: Calibri, sans-serif;\">\u00fc<\/span>r\n                      die Datenspeicherung entf<span style=\"font-family: Calibri, sans-serif;\">\u00e4<\/span>llt. Zwingende gesetzliche Aufbewahrungspflichten bleiben unber<span style=\"font-family: Calibri, sans-serif;\">\u00fc<\/span>hrt. Der Einsatz von Real Cookie\n                      Banner erfolgt, um die gesetzlich vorgeschriebenen Einwilligungen f<span style=\"font-family: Calibri, sans-serif;\">\u00fc<\/span>r den Einsatz bestimmter Technologien einzuholen; Rechtsgrundlage hierf<span style=\"font-family: Calibri, sans-serif;\">\u00fc<\/span>r\n                      ist Art. 6 Abs.1 lit. c DSGVO.<\/p>\n                    <p>Sie k<span style=\"font-family: Calibri, sans-serif;\">\u00f6<\/span>nnen Ihre Einwilligung in die Verwendung von Cookies unter folgendem Link jederzeit widerrufen:&nbsp;<a  href=\"#consent-change\" id=\"rcb-sc-link-change\" data-success-message=\"\" class=\"rcb-sc-link rcb-sc-link-change \">Privatsph\u00e4re-Einstellungen \u00e4ndern<\/a>&nbsp;<\/p>\n                    <p><strong style=\"font-size: 18pt;\">5.&nbsp;Welche Rechte habe ich?<\/strong><\/p>\n                    <p>Unter den Voraussetzungen der gesetzlichen Vorschriften der Datenschutz-Grundverordnung (DSGVO) haben Sie als betroffene Person folgende Rechte:<\/p>\n                    <p><strong>Auskunft<\/strong> gem. Art. 15 DSGVO <span style=\"font-family: Calibri, sans-serif;\">\u00fc<\/span>ber die zu Ihrer Person gespeicherten Daten in Form von aussagekr<span style=\"font-family: Calibri, sans-serif;\">\u00e4<\/span>ftigen Informationen\n                      zu den Einzelheiten der Verarbeitung sowie eine Kopie Ihrer Daten; <strong>Berichtigung<\/strong> gem. Art. 16 DSGVO von unrichtigen oder unvollst<span style=\"font-family: Calibri, sans-serif;\">\u00e4<\/span>ndigen Daten, die bei uns gespeichert\n                      sind; <strong>L<\/strong><strong style=\"font-family: Calibri, sans-serif;\">\u00f6<\/strong><strong>schung<\/strong> gem. Art. 17 DSGVO der bei uns gespeicherten Daten, soweit die Verarbeitung nicht zur Aus<span style=\"font-family: Calibri, sans-serif;\">\u00fc<\/span>bung\n                      des Rechts auf freie Meinungs<span style=\"font-family: Calibri, sans-serif;\">\u00e4<\/span>u<span style=\"font-family: Calibri, sans-serif;\">\u00df<\/span>erung und Information, zur Erf<span style=\"font-family: Calibri, sans-serif;\">\u00fc<\/span>llung\n                      einer rechtlichen Verpflichtung, aus Gr<span style=\"font-family: Calibri, sans-serif;\">\u00fc<\/span>nden des <span style=\"font-family: Calibri, sans-serif;\">\u00f6<\/span>ffentlichen Interesses oder zur Geltendmachung, Aus<span style=\"font-family: Calibri, sans-serif;\">\u00fc<\/span>bung\n                      oder Verteidigung von Rechtsanspr<span style=\"font-family: Calibri, sans-serif;\">\u00fc<\/span>chen erforderlich ist; <strong>Einschr<\/strong><strong style=\"font-family: Calibri, sans-serif;\">\u00e4<\/strong><strong>nkung<\/strong> der Verarbeitung\n                      gem. Art. 18 DSGVO, soweit die Richtigkeit der Daten bestritten wird, die Verarbeitung unrechtm<span style=\"font-family: Calibri, sans-serif;\">\u00e4\u00df<\/span>ig ist, wir die Daten nicht mehr ben<span style=\"font-family: Calibri, sans-serif;\">\u00f6<\/span>tigen\n                      und Sie deren L<span style=\"font-family: Calibri, sans-serif;\">\u00f6<\/span>schung ablehnen, weil Sie diese zur Geltendmachung, Aus<span style=\"font-family: Calibri, sans-serif;\">\u00fc<\/span>bung oder Verteidigung von Rechtsanspr<span style=\"font-family: Calibri, sans-serif;\">\u00fc<\/span>chen\n                      ben<span style=\"font-family: Calibri, sans-serif;\">\u00f6<\/span>tigen oder Sie Widerspruch gegen die Verarbeitung gem. Art. 21 DSGVO erhoben haben. <strong>Daten<\/strong><strong style=\"font-family: Calibri, sans-serif;\">\u00fc<\/strong><strong>bertragbarkeit<\/strong>                      gem. Art. 20 DSGVO, soweit Sie uns personenbezogene Daten im Rahmen einer Einwilligung gem. Art. 6 Abs. 1 lit. a DSGVO oder auf Grundlage eines Vertrages gem. Art. 6 Abs. 1 lit. b DSGVO bereitgestellt haben und diese durch uns mithilfe\n                      automatisierter Verfahren verarbeitet wurden. Sie erhalten Ihre Daten in einem strukturierten, g<span style=\"font-family: Calibri, sans-serif;\">\u00e4<\/span>ngigen und maschinenlesbaren Format bzw. wir <span style=\"font-family: Calibri, sans-serif;\">\u00fc<\/span>bermitteln\n                      die Daten direkt an einen anderen Verantwortlichen, soweit dies technsich machbar ist. <strong>Widerspruch<\/strong> gem. Art. 21 DSGVO gegen die Verarbeitung Ihrer personenbezogenen Daten, soweit diese auf Grundlage des Art. 6 Abs.\n                      1 lit. e, f DSGVO erfolgt und daf<span style=\"font-family: Calibri, sans-serif;\">\u00fc<\/span>r Gr<span style=\"font-family: Calibri, sans-serif;\">\u00fc<\/span>nde vorliegen, die sich aus Ihrer besonderen Situation ergeben oder sich der Widerspruch\n                      gegen Direktwerbung richtet. Das Recht auf Widerspruch besteht nicht, wenn <span style=\"font-family: Calibri, sans-serif;\">\u00fc<\/span>berwiegende, zwingende schutzw<span style=\"font-family: Calibri, sans-serif;\">\u00fc<\/span>rdige Gr\n                      <span\n                        style=\"font-family: Calibri, sans-serif;\">\u00fc<\/span>nde f<span style=\"font-family: Calibri, sans-serif;\">\u00fc<\/span>r die Verarbeitung nachgewiesen werden oder die Verarbeitung zur Geltendmachung, Aus<span style=\"font-family: Calibri, sans-serif;\">\u00fc<\/span>bung oder Verteidigung\n                        von Rechtsanspr<span style=\"font-family: Calibri, sans-serif;\">\u00fc<\/span>chen erfolgt. Soweit das Recht auf Widerspruch bei einzelnen Verarbeitungsvorg<span style=\"font-family: Calibri, sans-serif;\">\u00e4<\/span>ngen nicht besteht, ist\n                        dies dort angegeben. <strong>Widerruf<\/strong> gem. Art. 7 Abs. 3 DSGVO Ihrer erteilten Einwilligung mit Wirkung f<span style=\"font-family: Calibri, sans-serif;\">\u00fc<\/span>r die Zukunft. <strong>Beschwerde<\/strong> gem. Art. 77 DSGVO\n                        bei einer Aufsichtsbeh<span style=\"font-family: Calibri, sans-serif;\">\u00f6<\/span>rde, wenn Sie der Ansicht sind, die Verarbeitung Ihrer personenbezogenen Daten verst<span style=\"font-family: Calibri, sans-serif;\">\u00f6\u00df<\/span>t gegen\n                        die DSGVO. In der Regel k<span style=\"font-family: Calibri, sans-serif;\">\u00f6<\/span>nnen Sie sich an die Aufsichtsbeh<span style=\"font-family: Calibri, sans-serif;\">\u00f6<\/span>rde Ihres <span style=\"font-family: Calibri, sans-serif;\">\u00fc<\/span>blichen\n                        Aufenthaltsortes, Ihres Arbeitsplatzes oder unseres Unternehmenssitzes wenden.<\/p>\n                    <p><strong style=\"font-size: 18pt;\">6.&nbsp;Wie werden meine Daten im Einzelnen verarbeitet?<\/strong><\/p>\n                    <p>Nachfolgend informieren wir Sie <span style=\"font-family: Calibri, sans-serif;\">\u00fc<\/span>ber die einzelnen Verarbeitungsvorg<span style=\"font-family: Calibri, sans-serif;\">\u00e4<\/span>nge, den Umfang und den Zweck der Datenverarbeitung,\n                      die Rechtsgrundlage, die Pflicht zur Bereitstellung Ihrer Daten und die jeweilige Speicherdauer. Eine automatisierte Entscheidung im Einzelfall, einschlie<span style=\"font-family: Calibri, sans-serif;\">\u00df<\/span>lich Profiling findet\n                      nicht statt.<\/p>\n                    <p><strong style=\"font-size: 14pt;\">a)&nbsp;&nbsp;Bereitstellung der Website<\/strong><\/p>\n                    <p><strong style=\"font-size: 12pt;\">Art und Umfang der Verarbeitung<\/strong><\/p>\n                    <p>Bei Aufruf und Nutzung unserer Website erheben wir die personenbezogenen Daten, die Ihr Browser automatisch an unseren Server <span style=\"font-family: Calibri, sans-serif;\">\u00fc<\/span>bermittelt. Die folgenden Informationen werden tempor\n                      <span\n                        style=\"font-family: Calibri, sans-serif;\">\u00e4<\/span>r in einem sog. Logfile gespeichert:<\/p>\n                    <p>IP-Adresse des anfragenden Rechners Datum und Uhrzeit des Zugriffs Name und URL der abgerufenen Datei Website, von der aus der Zugriff erfolgt (Referrer-URL) Verwendeter Browser und ggf. das Betriebssystem Ihres Rechners, sowie der\n                      Name Ihres Access-Providers<\/p>\n                    <p>&nbsp;<\/p>\n                    <p><strong style=\"font-size: 12pt;\">Zweck und Rechtsgrundlage<\/strong><\/p>\n                    <p>Die Verarbeitung erfolgt zur Wahrung unseres <span style=\"font-family: Calibri, sans-serif;\">\u00fc<\/span>berwiegenden berechtigten Interesses zur Anzeige unserer Website und Gew<span style=\"font-family: Calibri, sans-serif;\">\u00e4<\/span>hrleistung\n                      der Sicherheit und Stabilit<span style=\"font-family: Calibri, sans-serif;\">\u00e4<\/span>t auf Grundlage des Art. 6 Abs. 1 lit. f DSGVO. Die Erfassung der Daten und die Speicherung in Logfiles ist f<span style=\"font-family: Calibri, sans-serif;\">\u00fc<\/span>r\n                      den Betrieb der Website zwingend erforderlich. Ein Widerspruchsrecht gegen die Verarbeitung besteht aufgrund der Ausnahme nach Art. 21 Abs. 1 DSGVO nicht. Soweit die weitergehende Speicherung der Logfiles gesetzlich vorgeschrieben\n                      ist, erfolgt die Verarbeitung auf Grundlage des Art. 6 Abs. 1 lit. c DSGVO. Es besteht keine gesetzliche oder vertragliche Pflicht zur Bereitstellung der Daten, allerdings ist der Aufruf unserer Website ohne Bereitstellung der Daten\n                      technisch nicht m<span style=\"font-family: Calibri, sans-serif;\">\u00f6<\/span>glich.<\/p>\n                    <p>&nbsp;<\/p>\n                    <p><strong style=\"font-size: 12pt;\">Speicherdauer<\/strong><\/p>\n                    <p>Die vorgenannten Daten werden f<span style=\"font-family: Calibri, sans-serif;\">\u00fc<\/span>r die Dauer der Anzeige der Website sowie aus technischen Gr<span style=\"font-family: Calibri, sans-serif;\">\u00fc<\/span>nden dar<span style=\"font-family: Calibri, sans-serif;\">\u00fc<\/span>ber\n                      hinaus f<span style=\"font-family: Calibri, sans-serif;\">\u00fc<\/span>r maximal 7 Tage\n                      <a href=\"#_msocom_2\" style=\"font-size: 8pt;\">[RF2]<\/a><span style=\"font-size: 8pt;\">&nbsp;<\/span> gespeichert.<\/p>\n                    <p><strong style=\"font-size: 14pt;\">b)&nbsp;&nbsp;Kontakt <\/strong><strong style=\"font-size: 14pt; font-family: Calibri, sans-serif;\">\u00fc<\/strong><strong style=\"font-size: 14pt;\">ber Formular, Telefon, E-Mail<\/strong><\/p>\n                    <p><strong style=\"font-size: 12pt;\">Art und Umfang der Verarbeitung<\/strong><\/p>\n                    <p>Auf unserer Webseite bieten wir Ihnen an, <span style=\"font-family: Calibri, sans-serif;\">\u00fc<\/span>ber ein bereitgestelltes Formular mit uns in Kontakt zu treten. Die Informationen, die <span style=\"font-family: Calibri, sans-serif;\">\u00fc<\/span>ber\n                      Pflichtfelder erhoben werden, sind erforderlich, um die Anfrage bearbeiten zu k<span style=\"font-family: Calibri, sans-serif;\">\u00f6<\/span>nnen. Dar<span style=\"font-family: Calibri, sans-serif;\">\u00fc<\/span>ber hinaus k<span style=\"font-family: Calibri, sans-serif;\">\u00f6<\/span>nnen\n                      Sie freiwillig zus<span style=\"font-family: Calibri, sans-serif;\">\u00e4<\/span>tzliche Informationen bereitstellen, die aus Ihrer Sicht f<span style=\"font-family: Calibri, sans-serif;\">\u00fc<\/span>r die Bearbeitung der Kontaktanfrage notwendig\n                      sind.<\/p>\n                    <p>Daneben k<span style=\"font-family: Calibri, sans-serif;\">\u00f6<\/span>nnen Sie uns auch <span style=\"font-family: Calibri, sans-serif;\">\u00fc<\/span>ber Telefon und E-Mail kontaktieren. Hierbei verarbeiten wir neben Ihrer E-Mail-Adresse und\n                      Ihrer Telefonnummer, die Daten, die Sie uns freiwillig mitteilen.<\/p>\n                    <p>&nbsp;<\/p>\n                    <p><strong style=\"font-size: 12pt;\">Zweck und Rechtsgrundlage<\/strong><\/p>\n                    <p>Die Verarbeitung Ihrer Daten durch Nutzung unseres Kontaktformulars und der Kommunikationswege E-Mail und Telefon erfolgt zum Zweck der Kommunikation und Bearbeitung Ihrer Anfrage auf Grundlage Ihrer Einwilligung gem. Art. 6 Abs. 1\n                      lit. a DSGVO. Soweit sich Ihre Anfrage auf ein bestehendes Vertragsverh<span style=\"font-family: Calibri, sans-serif;\">\u00e4<\/span>ltnis mit uns bezieht, erfolgt die Verarbeitung zum Zweck der Vertragserf<span style=\"font-family: Calibri, sans-serif;\">\u00fc<\/span>llung\n                      auf Grundlage des Art. 6 Abs. 1 lit. b DSGVO. Es besteht keine gesetzliche oder vertragliche Pflicht zur Bereitstellung Ihrer Daten, jedoch ist die Bearbeitung Ihrer Anfrage bei Nutzung des Kontaktformulars ohne die Bereitstellung\n                      der Informationen der Pflichtfelder nicht m<span style=\"font-family: Calibri, sans-serif;\">\u00f6<\/span>glich. Soweit Sie diese Daten nicht bereitstellen m<span style=\"font-family: Calibri, sans-serif;\">\u00f6<\/span>chten, kontaktieren Sie\n                      uns bitte mit anderen Mitteln.<\/p>\n                    <p>&nbsp;<\/p>\n                    <p><strong style=\"font-size: 12pt;\">Speicherdauer<\/strong><\/p>\n                    <p>Soweit Sie das Kontaktformular auf Grundlage Ihrer Einwilligung verwenden, speichern wir die erhobenen Daten jeder Anfrage f<span style=\"font-family: Calibri, sans-serif;\">\u00fc<\/span>r die Dauer von drei Jahren, beginnend mit der Erledigung\n                      Ihrer Anfrage oder bis zum Widerruf Ihrer Einwilligung. Gleiches gilt f<span style=\"font-family: Calibri, sans-serif;\">\u00fc<\/span>r die Kommunikationswege E-Mail und Telefon.<\/p>\n                    <p>Sollten Sie das Kontaktformular im Rahmen einer vertraglichen Beziehung nutzen, speichern wir die erhobenen Daten jeder Anfrage f<span style=\"font-family: Calibri, sans-serif;\">\u00fc<\/span>r die Dauer von drei Jahren ab Ende des Vertragsverh\n                      <span\n                        style=\"font-family: Calibri, sans-serif;\">\u00e4<\/span>ltnisses. Zwingende gesetzliche Aufbewahrungspflichten bleiben unber<span style=\"font-family: Calibri, sans-serif;\">\u00fc<\/span>hrt.<\/p>\n                    <p><strong style=\"font-size: 14pt;\">c)&nbsp;&nbsp;Bewerbungsverfahren<\/strong><\/p>\n                    <p><strong style=\"font-size: 12pt;\">Art und Umfang der Verarbeitung<\/strong><\/p>\n                    <p>Sofern Sie sich auf elektronischem Wege bei der beda Telemarketing GmbH bewerben, werden Ihre Angaben ausschlie<span style=\"font-family: Calibri, sans-serif;\">\u00df<\/span>lich zur Bearbeitung Ihrer Bewerbung verwendet und nicht an Dritte\n                      weitergegeben. Bitte beachten Sie, dass Bewerbungen, die Sie an uns per E-Mail senden, unverschl<span style=\"font-family: Calibri, sans-serif;\">\u00fc<\/span>sselt <span style=\"font-family: Calibri, sans-serif;\">\u00fc<\/span>bertragen werden.\n                      Insoweit besteht die Gefahr, dass Unberechtigte diese Daten abfangen und nutzen k<span style=\"font-family: Calibri, sans-serif;\">\u00f6<\/span>nnen. Alternativ haben Sie die M<span style=\"font-family: Calibri, sans-serif;\">\u00f6<\/span>glichkeit,\n                      sich postalisch bei uns zu bewerben.<\/p>\n                    <p>&nbsp;<\/p>\n                    <p><strong style=\"font-size: 12pt;\">Zweck und Rechtsgrundlage<\/strong><\/p>\n                    <p>Wir verarbeiten Ihre Daten zum Zweck des Bewerbungsverfahrens auf Grundlage von Art. 6 Abs. 1 lit. b DSGVO und <span style=\"font-family: Calibri, sans-serif;\">\u00a7<\/span> 26 BDSG. Es besteht keine gesetzliche oder vertragliche Pflicht\n                      zur Bereitstellung Ihrer Daten, jedoch ist eine Bewerbung ohne die Bereitstellung Ihrer Daten nicht m<span style=\"font-family: Calibri, sans-serif;\">\u00f6<\/span>glich.<\/p>\n                    <p>&nbsp;<\/p>\n                    <p><strong style=\"font-size: 12pt;\">Speicherdauer<\/strong><\/p>\n                    <p>Wird nach Abschluss des Bewerberverfahrens, ein Arbeitsverh<span style=\"font-family: Calibri, sans-serif;\">\u00e4<\/span>ltnis mit dem Bewerber \/ der Bewerberin eingegangen, werden die Bewerberdaten unter Beachtung einschl<span style=\"font-family: Calibri, sans-serif;\">\u00e4<\/span>giger\n                      Datenschutzvorschriften gespeichert. Wird Ihnen nach Abschluss des Bewerberverfahrens keine Stelle angeboten, so wird Ihr eingereichtes Bewerbungsschreiben samt Unterlagen 6 Monate nach Versand der Absage gel<span style=\"font-family: Calibri, sans-serif;\">\u00f6<\/span>scht,\n                      um etwaigen Anspr<span style=\"font-family: Calibri, sans-serif;\">\u00fc<\/span>chen und Nachweispflichten nach AGG gen<span style=\"font-family: Calibri, sans-serif;\">\u00fc<\/span>gen zu k<span style=\"font-family: Calibri, sans-serif;\">\u00f6<\/span>nnen.<\/p>\n                    <p><strong style=\"font-size: 14pt;\">d)&nbsp;&nbsp;Pr<\/strong><strong style=\"font-size: 14pt; font-family: Calibri, sans-serif;\">\u00e4<\/strong><strong style=\"font-size: 14pt;\">senzen auf Social-Media-Plattformen<\/strong><\/p>\n                    <p>Wir unterhalten auf den unten genannten Netzwerken sog. Fan-Pages bzw. Accounts oder Kan<span style=\"font-family: Calibri, sans-serif;\">\u00e4<\/span>le, um Ihnen auch innerhalb von sozialen Netzwerken Informationen und Angebote bereitzustellen\n                      und Ihnen weitere Wege anzubieten, Kontakt zu uns aufzunehmen und sich <span style=\"font-family: Calibri, sans-serif;\">\u00fc<\/span>ber unsere Angebote zu informieren. Im Folgenden informieren wir Sie dar<span style=\"font-family: Calibri, sans-serif;\">\u00fc<\/span>ber,\n                      welche Daten wir bzw. das jeweilige soziale Netzwerk von Ihnen im Zusammenhang mit dem Aufruf und der Nutzung unserer Fan-Pages\/Accounts von Ihnen verarbeiten.<\/p>\n                    <p>&nbsp;<\/p>\n                    <p><strong style=\"font-size: 12pt;\">Daten, die wir von Ihnen verarbeiten<\/strong><\/p>\n                    <p>Wenn Sie per Messenger oder via Direct Message <span style=\"font-family: Calibri, sans-serif;\">\u00fc<\/span>ber das jeweilige sozialen Netzwerk Kontakt zu uns aufnehmen m<span style=\"font-family: Calibri, sans-serif;\">\u00f6<\/span>chten, verarbeiten\n                      wir in der Regel Ihren Nutzernamen, <span style=\"font-family: Calibri, sans-serif;\">\u00fc<\/span>ber den Sie uns kontaktieren und speichern ggf. weitere von Ihnen mitgeteilte Daten soweit dies zur Bearbeitung\/Beantwortung Ihres Anliegens\n                      erforderlich ist.<\/p>\n                    <p>Rechtsgrundlage ist Art. 6 Abs. 1 Satz 1 f DSGVO (Verarbeitung ist erforderlich zur Wahrung berechtigter Interessen des Verantwortlichen).<\/p>\n                    <p>&nbsp;<\/p>\n                    <p><strong style=\"font-size: 12pt;\">(Statische) Nutzungs-Daten, die wir von den sozialen Netzwerken erhalten<\/strong><\/p>\n                    <p>Wir erhalten <span style=\"font-family: Calibri, sans-serif;\">\u00fc<\/span>ber Insights-Funktionalit<span style=\"font-family: Calibri, sans-serif;\">\u00e4<\/span>ten automatisiert bereitgestellte Statistiken betreffend unserer Accounts. Die Statistiken\n                      enthalten unter anderem die Gesamtanzahl von Seitenaufrufen, Gef<span style=\"font-family: Calibri, sans-serif;\">\u00e4<\/span>llt mir-Angaben, Angaben zu Seitenaktivit<span style=\"font-family: Calibri, sans-serif;\">\u00e4<\/span>ten und Beitragsinteraktionen,\n                      Reichweiten, Video-Aufrufe\/Ansichten sowie Angaben zum Anteil M<span style=\"font-family: Calibri, sans-serif;\">\u00e4<\/span>nner\/Frauen unter unseren Fans\/Followern.<\/p>\n                    <p>Die Statistiken enthalten lediglich aggregierte und nicht auf einzelne Personen beziehbare Daten. Sie sind f<span style=\"font-family: Calibri, sans-serif;\">\u00fc<\/span>r uns hier<span style=\"font-family: Calibri, sans-serif;\">\u00fc<\/span>ber\n                      nicht identifizierbar.<\/p>\n                    <p>&nbsp;<\/p>\n                    <p><strong style=\"font-size: 12pt;\">Welche Daten die sozialen Netzwerke von Ihnen verarbeiten<\/strong><\/p>\n                    <p>Um die Inhalte unserer Fan-Pages bzw. Accounts betrachten zu k<span style=\"font-family: Calibri, sans-serif;\">\u00f6<\/span>nnen, m<span style=\"font-family: Calibri, sans-serif;\">\u00fc<\/span>ssen Sie nicht Mitglied des jeweiligen sozialen Netzwerks\n                      sein und ist insoweit kein Nutzerkonto f<span style=\"font-family: Calibri, sans-serif;\">\u00fc<\/span>r das jeweilige soziale Netzwerk erforderlich.<\/p>\n                    <p>Bitte beachten Sie aber, dass die sozialen Netzwerke bei Aufruf des jeweiligen sozialen Netzwerkes Daten auch von Website-Besuchern ohne Nutzerkonto erfassen und speichern (z.B. technische Daten, um Ihnen die Website anzeigen zu k\n                      <span\n                        style=\"font-family: Calibri, sans-serif;\">\u00f6<\/span>nnen) und Cookies und <span style=\"font-family: Calibri, sans-serif;\">\u00e4<\/span>hnliche Technologien einsetzen, worauf wir keinerlei Einfluss haben. Einzelheiten hierzu finden Sie in den Datenschutzbestimmungen des jeweiligen\n                        sozialen Netzwerks.<\/p>\n                    <p>Soweit Sie mit den Inhalten auf unseren Fan-Pages\/Accounts interagieren wollen, z.B. unsere Postings\/Beitr<span style=\"font-family: Calibri, sans-serif;\">\u00e4<\/span>ge kommentieren, teilen oder liken wollen und\/oder <span style=\"font-family: Calibri, sans-serif;\">\u00fc<\/span>ber\n                      Messenger-Funktionen Kontakt zu uns aufnehmen m<span style=\"font-family: Calibri, sans-serif;\">\u00f6<\/span>chten, ist eine vorherige Registrierung bei dem jeweiligen sozialen Netzwerk und die Angabe personenbezogener Daten erforderlich.<\/p>\n                    <p>Wir haben keinen Einfluss auf die Datenverarbeitung durch die sozialen Netzwerke im Rahmen der Nutzung durch Sie. Unserem Kenntnisstand nach werden Ihre Daten insbesondere im Zusammenhang mit der Zur-Verf<span style=\"font-family: Calibri, sans-serif;\">\u00fc<\/span>gung-Stellung\n                      der Dienste des jeweiligen sozialen Netzwerks gespeichert und verarbeitet, ferner zur Analyse des Nutzungsverhaltens (unter Einsatz von Cookies, Pixel\/Web Beacons und <span style=\"font-family: Calibri, sans-serif;\">\u00e4<\/span>hnlichen\n                      Technologien) auf deren Basis auf Ihren Interessen basierende Werbung sowohl innerhalb als auch au<span style=\"font-family: Calibri, sans-serif;\">\u00df<\/span>erhalb des jeweiligen sozialen Netzwerks ausgespielt wird. Es kann dabei nicht\n                      ausgeschlossen werden, dass Ihre Daten dabei von den sozialen Netzwerken auch au<span style=\"font-family: Calibri, sans-serif;\">\u00df<\/span>erhalb der EU\/dem EWR gespeichert werden und an Dritte weitergegeben werden.<\/p>\n                    <p>Informationen unter anderem zum genauen Umfang und den Zwecken der Verarbeitung Ihrer personenbezogenen Daten, der Speicherdauer\/L<span style=\"font-family: Calibri, sans-serif;\">\u00f6<\/span>schung sowie Richtlinien zum Einsatz von Cookies\n                      und <span style=\"font-family: Calibri, sans-serif;\">\u00e4<\/span>hnlichen Technologien im Rahmen der Registrierung und Nutzung der sozialen Netzwerke finden Sie in den Datenschutzbestimmungen\/Cookie-Richtlinien der sozialen Netzwerke.\n                      Dort finden Sie auch Informationen zu Ihren Rechten und Widerspruchsm<span style=\"font-family: Calibri, sans-serif;\">\u00f6<\/span>glichkeiten.<\/p>\n                    <p><span style=\"font-family: Wingdings;\">\u00a7&nbsp;<\/span><strong style=\"font-size: 14pt;\">Facebook-Seite<\/strong><\/p>\n                    <p>Beim Besuch unserer Facebook-Seite erfasst Facebook unter anderem Ihre IP-Adresse sowie weitere Informationen, die in Form von Cookies auf Ihrem PC vorhanden sind. Diese Informationen werden verwendet, um uns als Betreiber der Facebook-Seiten\n                      statistische Informationen <span style=\"font-family: Calibri, sans-serif;\">\u00fc<\/span>ber die Inanspruchnahme der Facebook-Seite zur Verf<span style=\"font-family: Calibri, sans-serif;\">\u00fc<\/span>gung zu stellen. N<span style=\"font-family: Calibri, sans-serif;\">\u00e4<\/span>here\n                      Informationen hierzu stellt Facebook unter folgendem Link zur Verf<span style=\"font-family: Calibri, sans-serif;\">\u00fc<\/span>gung:\n                      <a href=\"https:\/\/facebook.com\/help\/pages\/insights\" class=\"customize-unpreviewable\">https:\/\/facebook.com\/help\/pages\/insights<\/a>.<\/p>\n                    <p>Mittels der <span style=\"font-family: Calibri, sans-serif;\">\u00fc<\/span>bermittelten statistischen Informationen ist es uns nicht m<span style=\"font-family: Calibri, sans-serif;\">\u00f6<\/span>glich R<span style=\"font-family: Calibri, sans-serif;\">\u00fc<\/span>ckschl\n                      <span\n                        style=\"font-family: Calibri, sans-serif;\">\u00fc<\/span>sse auf einzelne Nutzer zu ziehen. Wir greifen auf diese lediglich dahingehend zur<span style=\"font-family: Calibri, sans-serif;\">\u00fc<\/span>ck, um auf die Interessen unserer Nutzer eingehen zu k<span style=\"font-family: Calibri, sans-serif;\">\u00f6<\/span>nnen\n                        und unsere Onlinepr<span style=\"font-family: Calibri, sans-serif;\">\u00e4<\/span>senz fortgehend zu verbessern und die Qualit<span style=\"font-family: Calibri, sans-serif;\">\u00e4<\/span>t dieser zu sichern.<\/p>\n                    <p>Wir erheben Ihre Daten <span style=\"font-family: Calibri, sans-serif;\">\u00fc<\/span>ber unsere Fanpage lediglich, um eine m<span style=\"font-family: Calibri, sans-serif;\">\u00f6<\/span>gliche Bereitstellung zur Kommunikation und Interaktion mit\n                      uns zu realisieren. Diese Erhebung umfasst i.d.R. Ihren Namen, Nachrichteninhalte, Kommentarinhalte sowie die von Ihnen <span style=\"font-family: Calibri, sans-serif;\">\u201e\u00f6<\/span>ffentlich<span style=\"font-family: Calibri, sans-serif;\">\u201c<\/span>                      bereitgestellten Profilinformationen.<\/p>\n                    <p>Die Verarbeitung Ihrer personenbezogenen Daten zu unseren oben genannten Zwecken erfolgt auf Grundlage unseres berechtigten betriebswirtschaftlichen und kommunikativen Interesses an dem Angebot eines Informations- und Kommunikationskanals\n                      gem. Art. 6 Abs. 1 f DSGVO. Sollte Sie als Nutzer gegen<span style=\"font-family: Calibri, sans-serif;\">\u00fc<\/span>ber dem jeweiligen Anbieter des sozialen Netzwerkes eine Einwilligung in die Datenverarbeitung abgegeben haben, erstreckt\n                      sich die Rechtsgrundlage der Verarbeitung auf Art. 6 Abs. 1 a, Art. 7 DSGVO.<\/p>\n                    <p>Auf Grund der Tatsache, dass die eigentliche Datenverarbeitung durch den Anbieter des sozialen Netzwerkes erfolgt, sind unsere Zugriffsm<span style=\"font-family: Calibri, sans-serif;\">\u00f6<\/span>glichkeiten auf Ihre Daten beschr\n                      <span\n                        style=\"font-family: Calibri, sans-serif;\">\u00e4<\/span>nkt. Lediglich der Anbieter des sozialen Netzwerkes ist zu einem vollst<span style=\"font-family: Calibri, sans-serif;\">\u00e4<\/span>ndigen Zugriff auf Ihre Daten legitimiert. Auf Grund dessen, kann nur der Anbieter direkt entsprechende\n                        Ma<span style=\"font-family: Calibri, sans-serif;\">\u00df<\/span>nahmen zur Erf<span style=\"font-family: Calibri, sans-serif;\">\u00fc<\/span>llung Ihrer Nutzerrechte (Auskunftsanfrage, L<span style=\"font-family: Calibri, sans-serif;\">\u00f6<\/span>schverlangen,\n                        Widerspruch, etc.) ergreifen und umsetzen. Die Geltendmachung entsprechender Rechte erfolgt somit am effektivsten direkt gegen<span style=\"font-family: Calibri, sans-serif;\">\u00fc<\/span>ber dem jeweiligen Anbieter.<\/p>\n                    <p>Wir sind gemeinsam mit Facebook verantwortlich f<span style=\"font-family: Calibri, sans-serif;\">\u00fc<\/span>r die personenbezogenen Inhalte der Fanseite. Betroffenenrechte k<span style=\"font-family: Calibri, sans-serif;\">\u00f6<\/span>nnen bei\n                      Facebook Ireland sowie bei uns geltend gemacht werden.<\/p>\n                    <p>Die prim<span style=\"font-family: Calibri, sans-serif;\">\u00e4<\/span>re Verantwortung f<span style=\"font-family: Calibri, sans-serif;\">\u00fc<\/span>r die Verarbeitung von Insights-Daten liegt gem<span style=\"font-family: Calibri, sans-serif;\">\u00e4\u00df<\/span>                      DSGVO bei Facebook und Facebook erf<span style=\"font-family: Calibri, sans-serif;\">\u00fc<\/span>llt s<span style=\"font-family: Calibri, sans-serif;\">\u00e4<\/span>mtliche Pflichten aus der DSGVO im Hinblick auf die Verarbeitung von Insights-Daten,\n                      Facebook Ireland stellt das Wesentliche der Seiten-Insights-Erg<span style=\"font-family: Calibri, sans-serif;\">\u00e4<\/span>nzung den betroffenen Personen zur Verf<span style=\"font-family: Calibri, sans-serif;\">\u00fc<\/span>gung.<\/p>\n                    <p>Wir treffen keine Entscheidungen hinsichtlich der Verarbeitung von Insights-Daten und alle weiteren sich aus Art. 13 DSGVO ergebenden Informationen, darunter Rechtsgrundlage, Identit<span style=\"font-family: Calibri, sans-serif;\">\u00e4<\/span>t\n                      des Verantwortlichen und Speicherdauer von Cookies auf Nutzerendger<span style=\"font-family: Calibri, sans-serif;\">\u00e4<\/span>ten.<\/p>\n                    <p>Weitere Hinweise finden Sie direkt bei Facebook (Erg<span style=\"font-family: Calibri, sans-serif;\">\u00e4<\/span>nzungsvereinbarung mit Facebook):\n                      <a href=\"https:\/\/www.facebook.com\/legal\/terms\/page_controller_addendum\" class=\"customize-unpreviewable\">https:\/\/www.facebook.com\/legal\/terms\/page_controller_addendum<\/a>.<\/p>\n                    <p><span style=\"font-family: Wingdings;\">\u00a7&nbsp;<\/span><strong style=\"font-size: 14pt;\">XING-Seite<\/strong><\/p>\n                    <p>XING ist ein soziales Netzwerk der XING SE mit Sitz in Hamburg, Deutschland, welches die Erstellung von privaten und beruflichen Profilen erm<span style=\"font-family: Calibri, sans-serif;\">\u00f6<\/span>glicht. Benutzer k<span style=\"font-family: Calibri, sans-serif;\">\u00f6<\/span>nnen\n                      dabei ihre bestehenden Kontakte pflegen und neue kn<span style=\"font-family: Calibri, sans-serif;\">\u00fc<\/span>pfen. Unternehmen k<span style=\"font-family: Calibri, sans-serif;\">\u00f6<\/span>nnen Profile erstellen, auf denen Fotos und andere\n                      Unternehmensinformationen hochgeladen werden. Andere XING-Benutzer haben Zugriff auf diese Informationen und k<span style=\"font-family: Calibri, sans-serif;\">\u00f6<\/span>nnen ihre eigenen Artikel schreiben und diesen Inhalt mit anderen\n                      teilen.<\/p>\n                    <p>Der Schwerpunkt liegt auf dem professionellen Austausch <span style=\"font-family: Calibri, sans-serif;\">\u00fc<\/span>ber Fachthemen mit Menschen, die die gleichen beruflichen Interessen haben. Dar<span style=\"font-family: Calibri, sans-serif;\">\u00fc<\/span>ber\n                      hinaus wird XING h<span style=\"font-family: Calibri, sans-serif;\">\u00e4<\/span>ufig von Unternehmen und anderen Organisationen verwendet, um Mitarbeiter einzustellen und sich als interessanter Arbeitgeber zu pr<span style=\"font-family: Calibri, sans-serif;\">\u00e4<\/span>sentieren.<\/p>\n                    <p>Weitere Informationen zu XING finden Sie unter:\n                      <a href=\"https:\/\/corporate.xing.com\/de\/unternehmen\" class=\"customize-unpreviewable\">https:\/\/corporate.xing.com\/de\/unternehmen\/<\/a>\n                    <\/p>\n                    <p>Weitere Informationen zum Datenschutz bei XING finden Sie unter:\n                      <a href=\"https:\/\/privacy.xing.com\/de\/datenschutzerklaerung\" class=\"customize-unpreviewable\">https:\/\/privacy.xing.com\/de\/datenschutzerklaerung<\/a>.<\/p>\n                    <p><span style=\"font-family: Calibri, sans-serif;\">\u00dc<\/span>ber unsere XING Unternehmensseite erheben und verarbeiteten wir keine personenbezogenen Daten.<\/p>\n                    <p>&nbsp;<\/p>\n                    <p><strong style=\"font-size: 14pt;\">f)&nbsp;&nbsp;&nbsp;&nbsp;Google reCAPTCHA<\/strong><\/p>\n                    <p><strong style=\"font-size: 12pt;\">Art und Umfang der Verarbeitung<\/strong><\/p>\n                    <p>Wir haben auf unserer Website Komponenten von Google reCAPTCHA integriert. Google reCAPTCHA ist ein Dienst der Google Ireland Limited und erm<span style=\"font-family: Calibri, sans-serif;\">\u00f6<\/span>glicht uns zu unterscheiden, ob eine\n                      Kontaktanfrage von einer nat<span style=\"font-family: Calibri, sans-serif;\">\u00fc<\/span>rlichen Person stammt oder automatisiert mittels eines Programmes geschieht. Wenn Sie auf diese Inhalte zugreifen, stellen Sie eine Verbindung zu\n                      Servern der Google Ireland Limited, Gordon House, Barrow Street, Dublin 4, Irland her, wobei Ihre IP-Adresse und ggf. Browserdaten wie Ihr User-Agent <span style=\"font-family: Calibri, sans-serif;\">\u00fc<\/span>bermittelt werden. Desweiteren\n                      zeichnet Google reCAPTCHA die Verweildauer und Mausbewegungen des Nutzers auf, um automatisierte Anfragen von menschlichen zu unterscheiden. Diese Daten werden ausschlie<span style=\"font-family: Calibri, sans-serif;\">\u00df<\/span>lich\n                      zu den oben genannten Zwecken und zur Aufrechterhaltung der Sicherheit und Funktionalit<span style=\"font-family: Calibri, sans-serif;\">\u00e4<\/span>t von Google reCAPTCHA verarbeitet.<\/p>\n                    <p>&nbsp;<\/p>\n                    <p><strong style=\"font-size: 12pt;\">Zweck und Rechtsgrundlage<\/strong><\/p>\n                    <p>Die Nutzung des Dienstes erfolgt auf Grundlage unserer berechtigten Interessen, d.h. zum Schutz bei der <span style=\"font-family: Calibri, sans-serif;\">\u00dc<\/span>bermittlung von Formularen gem<span style=\"font-family: Calibri, sans-serif;\">\u00e4\u00df<\/span>                      Art. 6 Abs. 1 lit. f. DSGVO.<\/p>\n                    <p>&nbsp;<\/p>\n                    <p><strong style=\"font-size: 12pt;\">Speicherdauer<\/strong><\/p>\n                    <p>Die konkrete Speicherdauer der verarbeiteten Daten ist nicht durch uns beeinflussbar, sondern wird von Google Ireland Limited bestimmt. Weitere Hinweise finden Sie in der Datenschutzerkl<span style=\"font-family: Calibri, sans-serif;\">\u00e4<\/span>rung\n                      f<span style=\"font-family: Calibri, sans-serif;\">\u00fc<\/span>r Google reCAPTCHA:\n                      <a href=\"https:\/\/policies.google.com\/privacy?hl=en-US\" class=\"customize-unpreviewable\">https:\/\/policies.google.com\/privacy?hl=en-US<\/a>.<\/p>\n                    <p>&nbsp;<\/p>\n                    <p><strong style=\"font-size: 14pt;\">g)&nbsp;&nbsp;Google Fonts<\/strong><\/p>\n                    <p><strong style=\"font-size: 12pt;\">Art und Umfang der Verarbeitung<\/strong><\/p>\n                    <p>Wir verwenden Google Fonts von Google Ireland Limited, Gordon House, Barrow Street, Dublin 4, Irland, als Dienst zur Bereitstellung von Schriftarten f<span style=\"font-family: Calibri, sans-serif;\">\u00fc<\/span>r unser Onlineangebot. Um\n                      diese Schriftarten zu beziehen, stellen Sie eine Verbindung zu Servern von Google Ireland Limited her, wobei Ihre IP-Adresse <span style=\"font-family: Calibri, sans-serif;\">\u00fc<\/span>bertragen wird.<\/p>\n                    <p>&nbsp;<\/p>\n                    <p><strong style=\"font-size: 12pt;\">Zweck und Rechtsgrundlage<\/strong><\/p>\n                    <p>Die Nutzung von Google Fonts erfolgt auf Grundlage unserer berechtigten Interessen, d.h. Interesse an einer einheitlichen Bereitstellung sowie der Optimierung unseres Onlineangebotes gem<span style=\"font-family: Calibri, sans-serif;\">\u00e4\u00df<\/span>                      Art. 6 Abs. 1 lit. f. DSGVO.<\/p>\n                    <p>&nbsp;<\/p>\n                    <p><strong style=\"font-size: 12pt;\">Speicherdauer<\/strong><\/p>\n                    <p>Die konkrete Speicherdauer der verarbeiteten Daten ist nicht durch uns beeinflussbar, sondern wird von Google Ireland Limited bestimmt. Weitere Hinweise finden Sie in der Datenschutzerkl<span style=\"font-family: Calibri, sans-serif;\">\u00e4<\/span>rung\n                      f<span style=\"font-family: Calibri, sans-serif;\">\u00fc<\/span>r Google Fonts: https:\/\/policies.google.com\/privacy.<\/p>\n                    <p>&nbsp;<\/p>\n                    <p><strong style=\"font-size: 18pt;\">7.&nbsp;Datenschutzbeauftragter<\/strong><\/p>\n                    <p>Bei Fragen zum Thema Datenschutz wenden Sie sich bitte an unseren Datenschutzbeauftragten.<\/p>\n                    <p>Diesen k<span style=\"font-family: Calibri, sans-serif;\">\u00f6<\/span>nnen Sie per E-Mail unter <strong>datenschutz@beda-telemarketing.de<\/strong> oder postalisch unter folgender Adresse erreichen:<\/p>\n                    <p>beda Telemarketing GmbH Datenschutzbeauftragter Ratzeburger Allee 111-125 23562 L<span style=\"font-family: Calibri, sans-serif;\">\u00fc<\/span>beck<\/p>\n                    <p><span style=\"font-size: 8pt;\">&nbsp;<\/span><\/p>\n                  <\/div>\n                <\/div>\n              <\/div>\n            <\/div>\n          <\/div>\n        <\/div>\n      <\/div>\n    <\/div>\n  <\/div>\n<\/div>","protected":false},"excerpt":{"rendered":"<p>Datenschutzerkl\u00e4rung Wir freuen uns, dass Sie unsere Website besuchen. Der Schutz und die Sicherheit Ihrer pers\u00f6nlichen Informationen bei der Nutzung unserer Website ist f\u00fcr uns sehr wichtig. Wir m\u00f6chten Sie daher an dieser Stelle dar\u00fcber informieren, welche Ihrer personenbezogenen Daten wir beim Besuch unserer Website erfassen und f\u00fcr welche Zwecke diese verwendet werden. Diese Datenschutzerkl\u00e4rung [&hellip;]<\/p>\n","protected":false},"author":1,"featured_media":0,"parent":0,"menu_order":0,"comment_status":"closed","ping_status":"closed","template":"page-templates\/full-width-page.php","meta":{"footnotes":""},"class_list":["post-450","page","type-page","status-publish","hentry"],"aioseo_notices":[],"_links":{"self":[{"href":"https:\/\/beda-telemarketing.de\/index.php?rest_route=\/wp\/v2\/pages\/450","targetHints":{"allow":["GET"]}}],"collection":[{"href":"https:\/\/beda-telemarketing.de\/index.php?rest_route=\/wp\/v2\/pages"}],"about":[{"href":"https:\/\/beda-telemarketing.de\/index.php?rest_route=\/wp\/v2\/types\/page"}],"author":[{"embeddable":true,"href":"https:\/\/beda-telemarketing.de\/index.php?rest_route=\/wp\/v2\/users\/1"}],"replies":[{"embeddable":true,"href":"https:\/\/beda-telemarketing.de\/index.php?rest_route=%2Fwp%2Fv2%2Fcomments&post=450"}],"version-history":[{"count":3,"href":"https:\/\/beda-telemarketing.de\/index.php?rest_route=\/wp\/v2\/pages\/450\/revisions"}],"predecessor-version":[{"id":977,"href":"https:\/\/beda-telemarketing.de\/index.php?rest_route=\/wp\/v2\/pages\/450\/revisions\/977"}],"wp:attachment":[{"href":"https:\/\/beda-telemarketing.de\/index.php?rest_route=%2Fwp%2Fv2%2Fmedia&parent=450"}],"curies":[{"name":"wp","href":"https:\/\/api.w.org\/{rel}","templated":true}]}}